{"id":29202,"date":"2026-02-09T11:45:06","date_gmt":"2026-02-09T14:45:06","guid":{"rendered":"https:\/\/eltunelcotillon.com\/minoristanew\/?post_type=product&#038;p=29202"},"modified":"2026-04-27T11:00:47","modified_gmt":"2026-04-27T14:00:47","slug":"vincha-con-strass-motivos","status":"publish","type":"product","link":"https:\/\/eltunelcotillon.com\/minorista\/product\/vincha-con-strass-motivos\/","title":{"rendered":"Vincha con strass motivos"},"content":{"rendered":"<p>Modelos disponibles:<\/p>\n<ul>\n<li>Happy birthday, rosa gold<\/li>\n<li>Me recibi, dorado<\/li>\n<li>Bride to be, plateado<\/li>\n<li>Feliz cumplea\u00f1os, plateado<\/li>\n<li>Team bride, plateado<\/li>\n<li>Birthday girl, dorado<\/li>\n<\/ul>\n","protected":false},"excerpt":{"rendered":"<p>Modelos disponibles: Happy birthday, rosa gold Me recibi, dorado Bride to be, plateado Feliz cumplea\u00f1os, plateado Team bride, plateado Birthday girl, dorado<\/p>\n","protected":false},"featured_media":29305,"template":"","meta":{"_acf_changed":false},"product_brand":[],"product_cat":[482,487],"product_tag":[449,208,261,230,448],"class_list":{"0":"post-29202","1":"product","2":"type-product","3":"status-publish","4":"has-post-thumbnail","6":"product_cat-cotillon","7":"product_cat-vinchas-y-coronas","8":"product_tag-bride-to-be","9":"product_tag-cumpleanos","10":"product_tag-despedida-de-soltera","11":"product_tag-fiesta","12":"product_tag-team-bride","14":"first","15":"instock","16":"featured","17":"shipping-taxable","18":"purchasable","19":"product-type-variable"},"acf":[],"yoast_head":"<!-- This site is optimized with the Yoast SEO plugin v27.0 - https:\/\/yoast.com\/product\/yoast-seo-wordpress\/ -->\n<title>Vincha con strass motivos - El T\u00fanel Cotill\u00f3n<\/title>\n<meta name=\"robots\" content=\"index, follow, max-snippet:-1, max-image-preview:large, max-video-preview:-1\" \/>\n<link rel=\"canonical\" href=\"https:\/\/eltunelcotillon.com\/minorista\/product\/vincha-con-strass-motivos\/\" \/>\n<meta property=\"og:locale\" content=\"es_ES\" \/>\n<meta property=\"og:type\" content=\"article\" \/>\n<meta property=\"og:title\" content=\"Vincha con strass motivos - El T\u00fanel Cotill\u00f3n\" \/>\n<meta property=\"og:description\" content=\"Modelos disponibles: Happy birthday, rosa gold Me recibi, dorado Bride to be, plateado Feliz cumplea\u00f1os, plateado Team bride, plateado Birthday girl, dorado\" \/>\n<meta property=\"og:url\" content=\"https:\/\/eltunelcotillon.com\/minorista\/product\/vincha-con-strass-motivos\/\" \/>\n<meta property=\"og:site_name\" content=\"El T\u00fanel Cotill\u00f3n\" \/>\n<meta property=\"article:publisher\" content=\"https:\/\/www.facebook.com\/cotilloneltunel\/\" \/>\n<meta property=\"article:modified_time\" content=\"2026-04-27T14:00:47+00:00\" \/>\n<meta property=\"og:image\" content=\"https:\/\/eltunelcotillon.com\/minorista\/wp-content\/uploads\/2026\/02\/WhatsApp-Image-2024-02-27-at-08.51.09-2.jpeg\" \/>\n\t<meta property=\"og:image:width\" content=\"800\" \/>\n\t<meta property=\"og:image:height\" content=\"800\" \/>\n\t<meta property=\"og:image:type\" content=\"image\/jpeg\" \/>\n<meta name=\"twitter:card\" content=\"summary_large_image\" \/>\n<script type=\"application\/ld+json\" class=\"yoast-schema-graph\">{\"@context\":\"https:\/\/schema.org\",\"@graph\":[{\"@type\":\"WebPage\",\"@id\":\"https:\/\/eltunelcotillon.com\/minorista\/product\/vincha-con-strass-motivos\/\",\"url\":\"https:\/\/eltunelcotillon.com\/minorista\/product\/vincha-con-strass-motivos\/\",\"name\":\"Vincha con strass motivos - El T\u00fanel Cotill\u00f3n\",\"isPartOf\":{\"@id\":\"https:\/\/eltunelcotillon.com\/minorista\/#website\"},\"primaryImageOfPage\":{\"@id\":\"https:\/\/eltunelcotillon.com\/minorista\/product\/vincha-con-strass-motivos\/#primaryimage\"},\"image\":{\"@id\":\"https:\/\/eltunelcotillon.com\/minorista\/product\/vincha-con-strass-motivos\/#primaryimage\"},\"thumbnailUrl\":\"https:\/\/eltunelcotillon.com\/minorista\/wp-content\/uploads\/2026\/02\/WhatsApp-Image-2024-02-27-at-08.51.09-2.jpeg\",\"datePublished\":\"2026-02-09T14:45:06+00:00\",\"dateModified\":\"2026-04-27T14:00:47+00:00\",\"breadcrumb\":{\"@id\":\"https:\/\/eltunelcotillon.com\/minorista\/product\/vincha-con-strass-motivos\/#breadcrumb\"},\"inLanguage\":\"es\",\"potentialAction\":[{\"@type\":\"ReadAction\",\"target\":[\"https:\/\/eltunelcotillon.com\/minorista\/product\/vincha-con-strass-motivos\/\"]}]},{\"@type\":\"ImageObject\",\"inLanguage\":\"es\",\"@id\":\"https:\/\/eltunelcotillon.com\/minorista\/product\/vincha-con-strass-motivos\/#primaryimage\",\"url\":\"https:\/\/eltunelcotillon.com\/minorista\/wp-content\/uploads\/2026\/02\/WhatsApp-Image-2024-02-27-at-08.51.09-2.jpeg\",\"contentUrl\":\"https:\/\/eltunelcotillon.com\/minorista\/wp-content\/uploads\/2026\/02\/WhatsApp-Image-2024-02-27-at-08.51.09-2.jpeg\",\"width\":800,\"height\":800},{\"@type\":\"BreadcrumbList\",\"@id\":\"https:\/\/eltunelcotillon.com\/minorista\/product\/vincha-con-strass-motivos\/#breadcrumb\",\"itemListElement\":[{\"@type\":\"ListItem\",\"position\":1,\"name\":\"Inicio\",\"item\":\"https:\/\/eltunelcotillon.com\/minorista\/\"},{\"@type\":\"ListItem\",\"position\":2,\"name\":\"Tienda\",\"item\":\"https:\/\/eltunelcotillon.com\/minorista\/tienda\/\"},{\"@type\":\"ListItem\",\"position\":3,\"name\":\"Vincha con strass motivos\"}]},{\"@type\":\"WebSite\",\"@id\":\"https:\/\/eltunelcotillon.com\/minorista\/#website\",\"url\":\"https:\/\/eltunelcotillon.com\/minorista\/\",\"name\":\"El T\u00fanel Cotill\u00f3n\",\"description\":\"Cotill\u00f3n, Reposter\u00eda, Espumas de Carnaval, Chocolater\u00eda | Ventas mayoristas y minoristas\",\"publisher\":{\"@id\":\"https:\/\/eltunelcotillon.com\/minorista\/#organization\"},\"potentialAction\":[{\"@type\":\"SearchAction\",\"target\":{\"@type\":\"EntryPoint\",\"urlTemplate\":\"https:\/\/eltunelcotillon.com\/minorista\/?s={search_term_string}\"},\"query-input\":{\"@type\":\"PropertyValueSpecification\",\"valueRequired\":true,\"valueName\":\"search_term_string\"}}],\"inLanguage\":\"es\"},{\"@type\":\"Organization\",\"@id\":\"https:\/\/eltunelcotillon.com\/minorista\/#organization\",\"name\":\"El T\u00fanel Cotill\u00f3n\",\"url\":\"https:\/\/eltunelcotillon.com\/minorista\/\",\"logo\":{\"@type\":\"ImageObject\",\"inLanguage\":\"es\",\"@id\":\"https:\/\/eltunelcotillon.com\/minorista\/#\/schema\/logo\/image\/\",\"url\":\"https:\/\/eltunelcotillon.com\/minorista\/wp-content\/uploads\/2026\/02\/el_t_nel_cotill_n_logo-1-e1768837235605.webp\",\"contentUrl\":\"https:\/\/eltunelcotillon.com\/minorista\/wp-content\/uploads\/2026\/02\/el_t_nel_cotill_n_logo-1-e1768837235605.webp\",\"width\":593,\"height\":383,\"caption\":\"El T\u00fanel Cotill\u00f3n\"},\"image\":{\"@id\":\"https:\/\/eltunelcotillon.com\/minorista\/#\/schema\/logo\/image\/\"},\"sameAs\":[\"https:\/\/www.facebook.com\/cotilloneltunel\/\",\"https:\/\/www.instagram.com\/cotilloneltunel1\/\"]}]}<\/script>\n<!-- \/ Yoast SEO plugin. -->","yoast_head_json":{"title":"Vincha con strass motivos - El T\u00fanel Cotill\u00f3n","robots":{"index":"index","follow":"follow","max-snippet":"max-snippet:-1","max-image-preview":"max-image-preview:large","max-video-preview":"max-video-preview:-1"},"canonical":"https:\/\/eltunelcotillon.com\/minorista\/product\/vincha-con-strass-motivos\/","og_locale":"es_ES","og_type":"article","og_title":"Vincha con strass motivos - El T\u00fanel Cotill\u00f3n","og_description":"Modelos disponibles: Happy birthday, rosa gold Me recibi, dorado Bride to be, plateado Feliz cumplea\u00f1os, plateado Team bride, plateado Birthday girl, dorado","og_url":"https:\/\/eltunelcotillon.com\/minorista\/product\/vincha-con-strass-motivos\/","og_site_name":"El T\u00fanel Cotill\u00f3n","article_publisher":"https:\/\/www.facebook.com\/cotilloneltunel\/","article_modified_time":"2026-04-27T14:00:47+00:00","og_image":[{"width":800,"height":800,"url":"https:\/\/eltunelcotillon.com\/minorista\/wp-content\/uploads\/2026\/02\/WhatsApp-Image-2024-02-27-at-08.51.09-2.jpeg","type":"image\/jpeg"}],"twitter_card":"summary_large_image","schema":{"@context":"https:\/\/schema.org","@graph":[{"@type":"WebPage","@id":"https:\/\/eltunelcotillon.com\/minorista\/product\/vincha-con-strass-motivos\/","url":"https:\/\/eltunelcotillon.com\/minorista\/product\/vincha-con-strass-motivos\/","name":"Vincha con strass motivos - El T\u00fanel Cotill\u00f3n","isPartOf":{"@id":"https:\/\/eltunelcotillon.com\/minorista\/#website"},"primaryImageOfPage":{"@id":"https:\/\/eltunelcotillon.com\/minorista\/product\/vincha-con-strass-motivos\/#primaryimage"},"image":{"@id":"https:\/\/eltunelcotillon.com\/minorista\/product\/vincha-con-strass-motivos\/#primaryimage"},"thumbnailUrl":"https:\/\/eltunelcotillon.com\/minorista\/wp-content\/uploads\/2026\/02\/WhatsApp-Image-2024-02-27-at-08.51.09-2.jpeg","datePublished":"2026-02-09T14:45:06+00:00","dateModified":"2026-04-27T14:00:47+00:00","breadcrumb":{"@id":"https:\/\/eltunelcotillon.com\/minorista\/product\/vincha-con-strass-motivos\/#breadcrumb"},"inLanguage":"es","potentialAction":[{"@type":"ReadAction","target":["https:\/\/eltunelcotillon.com\/minorista\/product\/vincha-con-strass-motivos\/"]}]},{"@type":"ImageObject","inLanguage":"es","@id":"https:\/\/eltunelcotillon.com\/minorista\/product\/vincha-con-strass-motivos\/#primaryimage","url":"https:\/\/eltunelcotillon.com\/minorista\/wp-content\/uploads\/2026\/02\/WhatsApp-Image-2024-02-27-at-08.51.09-2.jpeg","contentUrl":"https:\/\/eltunelcotillon.com\/minorista\/wp-content\/uploads\/2026\/02\/WhatsApp-Image-2024-02-27-at-08.51.09-2.jpeg","width":800,"height":800},{"@type":"BreadcrumbList","@id":"https:\/\/eltunelcotillon.com\/minorista\/product\/vincha-con-strass-motivos\/#breadcrumb","itemListElement":[{"@type":"ListItem","position":1,"name":"Inicio","item":"https:\/\/eltunelcotillon.com\/minorista\/"},{"@type":"ListItem","position":2,"name":"Tienda","item":"https:\/\/eltunelcotillon.com\/minorista\/tienda\/"},{"@type":"ListItem","position":3,"name":"Vincha con strass motivos"}]},{"@type":"WebSite","@id":"https:\/\/eltunelcotillon.com\/minorista\/#website","url":"https:\/\/eltunelcotillon.com\/minorista\/","name":"El T\u00fanel Cotill\u00f3n","description":"Cotill\u00f3n, Reposter\u00eda, Espumas de Carnaval, Chocolater\u00eda | Ventas mayoristas y minoristas","publisher":{"@id":"https:\/\/eltunelcotillon.com\/minorista\/#organization"},"potentialAction":[{"@type":"SearchAction","target":{"@type":"EntryPoint","urlTemplate":"https:\/\/eltunelcotillon.com\/minorista\/?s={search_term_string}"},"query-input":{"@type":"PropertyValueSpecification","valueRequired":true,"valueName":"search_term_string"}}],"inLanguage":"es"},{"@type":"Organization","@id":"https:\/\/eltunelcotillon.com\/minorista\/#organization","name":"El T\u00fanel Cotill\u00f3n","url":"https:\/\/eltunelcotillon.com\/minorista\/","logo":{"@type":"ImageObject","inLanguage":"es","@id":"https:\/\/eltunelcotillon.com\/minorista\/#\/schema\/logo\/image\/","url":"https:\/\/eltunelcotillon.com\/minorista\/wp-content\/uploads\/2026\/02\/el_t_nel_cotill_n_logo-1-e1768837235605.webp","contentUrl":"https:\/\/eltunelcotillon.com\/minorista\/wp-content\/uploads\/2026\/02\/el_t_nel_cotill_n_logo-1-e1768837235605.webp","width":593,"height":383,"caption":"El T\u00fanel Cotill\u00f3n"},"image":{"@id":"https:\/\/eltunelcotillon.com\/minorista\/#\/schema\/logo\/image\/"},"sameAs":["https:\/\/www.facebook.com\/cotilloneltunel\/","https:\/\/www.instagram.com\/cotilloneltunel1\/"]}]}},"_links":{"self":[{"href":"https:\/\/eltunelcotillon.com\/minorista\/wp-json\/wp\/v2\/product\/29202","targetHints":{"allow":["GET"]}}],"collection":[{"href":"https:\/\/eltunelcotillon.com\/minorista\/wp-json\/wp\/v2\/product"}],"about":[{"href":"https:\/\/eltunelcotillon.com\/minorista\/wp-json\/wp\/v2\/types\/product"}],"wp:featuredmedia":[{"embeddable":true,"href":"https:\/\/eltunelcotillon.com\/minorista\/wp-json\/wp\/v2\/media\/29305"}],"wp:attachment":[{"href":"https:\/\/eltunelcotillon.com\/minorista\/wp-json\/wp\/v2\/media?parent=29202"}],"wp:term":[{"taxonomy":"product_brand","embeddable":true,"href":"https:\/\/eltunelcotillon.com\/minorista\/wp-json\/wp\/v2\/product_brand?post=29202"},{"taxonomy":"product_cat","embeddable":true,"href":"https:\/\/eltunelcotillon.com\/minorista\/wp-json\/wp\/v2\/product_cat?post=29202"},{"taxonomy":"product_tag","embeddable":true,"href":"https:\/\/eltunelcotillon.com\/minorista\/wp-json\/wp\/v2\/product_tag?post=29202"}],"curies":[{"name":"wp","href":"https:\/\/api.w.org\/{rel}","templated":true}]}}